{"id":856,"date":"2018-08-01T15:20:51","date_gmt":"2018-08-01T13:20:51","guid":{"rendered":"http:\/\/latour.bessone.fr\/?page_id=856"},"modified":"2026-03-20T10:10:59","modified_gmt":"2026-03-20T09:10:59","slug":"accueil-2","status":"publish","type":"page","link":"https:\/\/www.latourpourtous.fr\/","title":{"rendered":"\u00c9ditorial"},"content":{"rendered":"\n<figure class=\"wp-block-image size-full\"><img loading=\"lazy\" decoding=\"async\" width=\"963\" height=\"693\" src=\"https:\/\/www.latourpourtous.fr\/wp-content\/uploads\/2026\/03\/conseillers.jpg\" alt=\"\" class=\"wp-image-2668\" srcset=\"https:\/\/www.latourpourtous.fr\/wp-content\/uploads\/2026\/03\/conseillers.jpg 963w, https:\/\/www.latourpourtous.fr\/wp-content\/uploads\/2026\/03\/conseillers-500x360.jpg 500w, https:\/\/www.latourpourtous.fr\/wp-content\/uploads\/2026\/03\/conseillers-768x553.jpg 768w\" sizes=\"auto, (max-width: 963px) 100vw, 963px\" \/><\/figure>\n\n\n\n<p>Ch\u00e8res Touraines, chers Tourains,<\/p>\n\n\n\n<p>Romain BRETTE, notre t\u00eate-de-liste&nbsp;, qui reste impliqu\u00e9 dans la vie politique de la Tour d\u2019Aigues.<\/p>\n\n\n\n<p>Install\u00e9 \u00e0 La Tour d\u2019Aigues depuis 21 ans, il a 51 ans, est mari\u00e9 \u00e0 une native du pays, et a 2 enfants. Romain est chef d\u2019entreprise dans la zone d\u2019activit\u00e9 du Revol, ancien pr\u00e9sident de l\u2019association des entreprises de La Tour d\u2019Aigues et des environs, et membre actif de l\u2019association sportive Tennis de La Tour d\u2019Aigues. Il est \u00e9galement conseiller municipal \u00e0 La Tour d\u2019Aigues depuis 12 ans et Conseiller Communautaire jusqu\u2019en 2026.<\/p>\n\n\n\n<p>Lexis BARNEOUD devient notre 2<sup>\u00e8me<\/sup> conseill\u00e8re municipale.<\/p>\n\n\n\n<p>N\u00e9e \u00e0 Aix-en-Provence, Lexis a 27 ans, elle est mari\u00e9e \u00e0 un Tourain issu d\u2019une famille ancr\u00e9e dans le village depuis des g\u00e9n\u00e9rations et maman d\u2019une petite fille.<\/p>\n\n\n\n<p>Elle est attach\u00e9e \u00e0 la vie locale et \u00e0 l\u2019avenir de notre commune, et motiv\u00e9e \u00e0 s\u2019investir pour notre village et \u00e0 participer activement \u00e0 son dynamisme et \u00e0 son d\u00e9veloppement.<\/p>\n\n\n\n<p>Nos deux conseillers s\u2019attacheront \u00e0 encourager fortement que les projets promis par l\u2019\u00e9quipe municipale se r\u00e9alisent d\u2019ici 4 ou 5 ans.<\/p>\n\n\n\n<h2 class=\"wp-block-heading\"><\/h2>\n","protected":false},"excerpt":{"rendered":"<p>Ch\u00e8res Touraines, chers Tourains, Romain BRETTE, notre t\u00eate-de-liste&nbsp;, qui reste impliqu\u00e9 dans la vie politique de la Tour d\u2019Aigues. Install\u00e9 \u00e0 La Tour d\u2019Aigues depuis 21 ans, il a 51 ans, est mari\u00e9 \u00e0 une native du pays, et a 2 enfants. Romain est chef d\u2019entreprise dans la zone d\u2019activit\u00e9 du Revol, ancien pr\u00e9sident de&hellip;&nbsp;<a href=\"https:\/\/www.latourpourtous.fr\/\" rel=\"bookmark\"><span class=\"screen-reader-text\">\u00c9ditorial<\/span><\/a><\/p>\n","protected":false},"author":1,"featured_media":1866,"parent":0,"menu_order":0,"comment_status":"closed","ping_status":"closed","template":"","meta":{"neve_meta_sidebar":"","neve_meta_container":"contained","neve_meta_enable_content_width":"on","neve_meta_content_width":70,"neve_meta_title_alignment":"center","neve_meta_author_avatar":"","neve_post_elements_order":"","neve_meta_disable_header":"off","neve_meta_disable_footer":"off","neve_meta_disable_title":"","footnotes":""},"class_list":["post-856","page","type-page","status-publish","has-post-thumbnail","hentry"],"_links":{"self":[{"href":"https:\/\/www.latourpourtous.fr\/index.php\/wp-json\/wp\/v2\/pages\/856","targetHints":{"allow":["GET"]}}],"collection":[{"href":"https:\/\/www.latourpourtous.fr\/index.php\/wp-json\/wp\/v2\/pages"}],"about":[{"href":"https:\/\/www.latourpourtous.fr\/index.php\/wp-json\/wp\/v2\/types\/page"}],"author":[{"embeddable":true,"href":"https:\/\/www.latourpourtous.fr\/index.php\/wp-json\/wp\/v2\/users\/1"}],"replies":[{"embeddable":true,"href":"https:\/\/www.latourpourtous.fr\/index.php\/wp-json\/wp\/v2\/comments?post=856"}],"version-history":[{"count":82,"href":"https:\/\/www.latourpourtous.fr\/index.php\/wp-json\/wp\/v2\/pages\/856\/revisions"}],"predecessor-version":[{"id":2669,"href":"https:\/\/www.latourpourtous.fr\/index.php\/wp-json\/wp\/v2\/pages\/856\/revisions\/2669"}],"wp:featuredmedia":[{"embeddable":true,"href":"https:\/\/www.latourpourtous.fr\/index.php\/wp-json\/wp\/v2\/media\/1866"}],"wp:attachment":[{"href":"https:\/\/www.latourpourtous.fr\/index.php\/wp-json\/wp\/v2\/media?parent=856"}],"curies":[{"name":"wp","href":"https:\/\/api.w.org\/{rel}","templated":true}]}}