{"id":69,"date":"2014-08-27T15:50:14","date_gmt":"2014-08-27T13:50:14","guid":{"rendered":"http:\/\/latourdaiguespourtous.fr\/WordPress3\/?page_id=69"},"modified":"2025-12-27T11:54:05","modified_gmt":"2025-12-27T10:54:05","slug":"nos-elus","status":"publish","type":"page","link":"https:\/\/www.latourpourtous.fr\/index.php\/qui-sommes-nous\/nos-elus\/","title":{"rendered":"Nos \u00e9lus"},"content":{"rendered":"\n<p>&nbsp;<\/p>\n\n\n<div class=\"wp-block-image\">\n<figure class=\"alignleft size-large is-resized\"><img loading=\"lazy\" decoding=\"async\" width=\"680\" height=\"1024\" src=\"https:\/\/latourpourtous.fr\/wp-content\/uploads\/2020\/02\/DSC_0045-680x1024.jpg\" alt=\"\" class=\"wp-image-1731\" style=\"aspect-ratio:0.75;object-fit:contain;width:150px\" srcset=\"https:\/\/www.latourpourtous.fr\/wp-content\/uploads\/2020\/02\/DSC_0045-680x1024.jpg 680w, https:\/\/www.latourpourtous.fr\/wp-content\/uploads\/2020\/02\/DSC_0045-199x300.jpg 199w, https:\/\/www.latourpourtous.fr\/wp-content\/uploads\/2020\/02\/DSC_0045-768x1156.jpg 768w\" sizes=\"auto, (max-width: 680px) 100vw, 680px\" \/><\/figure>\n<\/div>\n\n\n<p><br>\n<span style=\"color: #000080;\">Romain BRETTE<br>\n45 ans<br>\n<\/span>Chef d&rsquo;entreprise sur la zone d&rsquo;activit\u00e9 du Revol<br>\nPr\u00e9sident de R2A, association d&rsquo;entreprises de La Zone du Revol et des alentours<\/p>\n\n\n\n<p>Conseiller municipal depuis 2014<\/p>\n\n\n\n<ul class=\"wp-block-list\">\n<li>Commission des Finances<\/li>\n\n\n\n<li>Commission d&rsquo;Urbanisme<\/li>\n\n\n\n<li>Commission D\u00e9mocratie participative et Vie Economique<\/li>\n\n\n\n<li>Conseiller communautaire \u00e0 Cotelub (Groupe La Tour d&rsquo;Aigues pour Tous)<\/li>\n<\/ul>\n\n\n\n<p>&nbsp;<\/p>\n\n\n<div class=\"wp-block-image\">\n<figure class=\"alignleft is-resized\"><img loading=\"lazy\" decoding=\"async\" width=\"681\" height=\"1024\" src=\"https:\/\/latourpourtous.fr\/wp-content\/uploads\/2020\/07\/portrait130514-89-681x1024.jpg\" alt=\"\" class=\"wp-image-1821\" style=\"width:150px\" srcset=\"https:\/\/www.latourpourtous.fr\/wp-content\/uploads\/2020\/07\/portrait130514-89-681x1024.jpg 681w, https:\/\/www.latourpourtous.fr\/wp-content\/uploads\/2020\/07\/portrait130514-89-199x300.jpg 199w, https:\/\/www.latourpourtous.fr\/wp-content\/uploads\/2020\/07\/portrait130514-89.jpg 684w\" sizes=\"auto, (max-width: 681px) 100vw, 681px\" \/><\/figure>\n<\/div>\n\n\n<p><\/p>\n\n\n\n<p><span style=\"color: #000080;\"><span style=\"caret-color: #000080;\">Martine LAFOND &#8211; SOCQUET JUGLARD<br>\n<\/span><\/span>63 ans<br>\nTouraine depuis 42 ans<br>\nResponsable du Caveau de vente de Marennon jusqu&rsquo;en 2018<\/p>\n\n\n\n<ul class=\"wp-block-list\">\n<li>Commission des Affaires Sociales (CCAS)<\/li>\n\n\n\n<li>Commission Education (Scolaire)<\/li>\n\n\n\n<li>Commission Agriculture<\/li>\n<\/ul>\n\n\n\n<p>&nbsp;<\/p>\n\n\n\n<p>&nbsp;<\/p>\n\n\n<div class=\"wp-block-image\">\n<figure class=\"alignleft is-resized\"><img loading=\"lazy\" decoding=\"async\" width=\"775\" height=\"1024\" src=\"https:\/\/latourpourtous.fr\/wp-content\/uploads\/2020\/07\/Pierre-Vial-775x1024.jpeg\" alt=\"\" class=\"wp-image-1822\" style=\"width:150px\" srcset=\"https:\/\/www.latourpourtous.fr\/wp-content\/uploads\/2020\/07\/Pierre-Vial-775x1024.jpeg 775w, https:\/\/www.latourpourtous.fr\/wp-content\/uploads\/2020\/07\/Pierre-Vial-227x300.jpeg 227w, https:\/\/www.latourpourtous.fr\/wp-content\/uploads\/2020\/07\/Pierre-Vial-768x1015.jpeg 768w, https:\/\/www.latourpourtous.fr\/wp-content\/uploads\/2020\/07\/Pierre-Vial.jpeg 1889w\" sizes=\"auto, (max-width: 775px) 100vw, 775px\" \/><\/figure>\n<\/div>\n\n\n<p>Pierre VIAL<br>\n60ans<br>\nTourain depuis 36 ans<br>\nOfficier de sapeur pompiers professionnel 25ans en Vaucluse<br>\nLieutenant Colonel en retraite depuis 2 ans<br>\nR\u00e9serviste dans la r\u00e9serve civile<\/p>\n\n\n\n<ul class=\"wp-block-list\">\n<li>Commission Accessibilit\u00e9 et S\u00e9curit\u00e9<\/li>\n\n\n\n<li>Commission des Travaux<\/li>\n\n\n\n<li>Commission D\u00e9mocratie Participative et Vie Economique<\/li>\n<\/ul>\n\n\n\n<address>&nbsp;<\/address>\n\n\n\n<p><a id=\"pourquoi\" name=\"pourquoi\"><\/a><\/p>\n","protected":false},"excerpt":{"rendered":"<p>&nbsp; Romain BRETTE 45 ans Chef d&rsquo;entreprise sur la zone d&rsquo;activit\u00e9 du Revol Pr\u00e9sident de R2A, association d&rsquo;entreprises de La Zone du Revol et des alentours Conseiller municipal depuis 2014 &nbsp; Martine LAFOND &#8211; SOCQUET JUGLARD 63 ans Touraine depuis 42 ans Responsable du Caveau de vente de Marennon jusqu&rsquo;en 2018 &nbsp; &nbsp; Pierre VIAL&hellip;&nbsp;<a href=\"https:\/\/www.latourpourtous.fr\/index.php\/qui-sommes-nous\/nos-elus\/\" rel=\"bookmark\"><span class=\"screen-reader-text\">Nos \u00e9lus<\/span><\/a><\/p>\n","protected":false},"author":1,"featured_media":1868,"parent":6,"menu_order":2,"comment_status":"closed","ping_status":"closed","template":"","meta":{"neve_meta_sidebar":"","neve_meta_container":"","neve_meta_enable_content_width":"","neve_meta_content_width":0,"neve_meta_title_alignment":"","neve_meta_author_avatar":"","neve_post_elements_order":"","neve_meta_disable_header":"","neve_meta_disable_footer":"","neve_meta_disable_title":"","footnotes":""},"class_list":["post-69","page","type-page","status-publish","has-post-thumbnail","hentry"],"_links":{"self":[{"href":"https:\/\/www.latourpourtous.fr\/index.php\/wp-json\/wp\/v2\/pages\/69","targetHints":{"allow":["GET"]}}],"collection":[{"href":"https:\/\/www.latourpourtous.fr\/index.php\/wp-json\/wp\/v2\/pages"}],"about":[{"href":"https:\/\/www.latourpourtous.fr\/index.php\/wp-json\/wp\/v2\/types\/page"}],"author":[{"embeddable":true,"href":"https:\/\/www.latourpourtous.fr\/index.php\/wp-json\/wp\/v2\/users\/1"}],"replies":[{"embeddable":true,"href":"https:\/\/www.latourpourtous.fr\/index.php\/wp-json\/wp\/v2\/comments?post=69"}],"version-history":[{"count":15,"href":"https:\/\/www.latourpourtous.fr\/index.php\/wp-json\/wp\/v2\/pages\/69\/revisions"}],"predecessor-version":[{"id":2299,"href":"https:\/\/www.latourpourtous.fr\/index.php\/wp-json\/wp\/v2\/pages\/69\/revisions\/2299"}],"up":[{"embeddable":true,"href":"https:\/\/www.latourpourtous.fr\/index.php\/wp-json\/wp\/v2\/pages\/6"}],"wp:featuredmedia":[{"embeddable":true,"href":"https:\/\/www.latourpourtous.fr\/index.php\/wp-json\/wp\/v2\/media\/1868"}],"wp:attachment":[{"href":"https:\/\/www.latourpourtous.fr\/index.php\/wp-json\/wp\/v2\/media?parent=69"}],"curies":[{"name":"wp","href":"https:\/\/api.w.org\/{rel}","templated":true}]}}