{"id":65,"date":"2014-08-27T15:42:36","date_gmt":"2014-08-27T13:42:36","guid":{"rendered":"http:\/\/latourdaiguespourtous.fr\/WordPress3\/?page_id=65"},"modified":"2025-12-27T11:53:46","modified_gmt":"2025-12-27T10:53:46","slug":"le-bureau","status":"publish","type":"page","link":"https:\/\/www.latourpourtous.fr\/index.php\/qui-sommes-nous\/le-bureau\/","title":{"rendered":"Le bureau"},"content":{"rendered":"<div class=\"wp-block-image\">\n<figure class=\"alignleft size-thumbnail\"><img loading=\"lazy\" decoding=\"async\" width=\"150\" height=\"150\" src=\"https:\/\/latourpourtous.fr\/wp-content\/uploads\/2020\/02\/DSC_0052-150x150.jpg\" alt=\"DSC_0052\" class=\"wp-image-1738\"\/><\/figure>\n<\/div>\n\n\n<p>Antoine MEDVEDOWSKY<br>\nPr\u00e9sident<br>\nM\u00e9decin sp\u00e9cialiste des maladies vasculaires, Ancien Pr\u00e9sident de l\u2019Office du Tourisme, Ancien Pr\u00e9sident de l\u2019Association du Ch\u00e2teau de La Tour d\u2019Aigues, Ancien Conseiller municipal<\/p>\n\n\n\n<p>&nbsp;<\/p>\n\n\n\n<hr class=\"wp-block-separator has-alpha-channel-opacity\"\/>\n\n\n<div class=\"wp-block-image\">\n<figure class=\"alignleft size-thumbnail\"><a href=\"localhost:8888\/index.php\/trombinoscope\/dsc_0027\/\"><img loading=\"lazy\" decoding=\"async\" width=\"150\" height=\"150\" src=\"https:\/\/latourpourtous.fr\/wp-content\/uploads\/2020\/02\/DSC_0027-150x150.jpg\" alt=\"\" class=\"wp-image-1713\"\/><\/a><\/figure>\n<\/div>\n\n\n<p>Jean-Paul DESSAUD<br>\nVice-pr\u00e9sident<br>\n61&nbsp;ans<br>\nExploitant agricole \u00e0 La Tour d&rsquo;Aigues depuis 34 ans<br>\nMembre du conseil du GDA<\/p>\n\n\n\n<p>&nbsp;<\/p>\n\n\n\n<hr class=\"wp-block-separator has-alpha-channel-opacity\"\/>\n\n\n<div class=\"wp-block-image\">\n<figure class=\"alignleft size-thumbnail\"><img loading=\"lazy\" decoding=\"async\" width=\"150\" height=\"150\" src=\"https:\/\/latourpourtous.fr\/wp-content\/uploads\/2020\/02\/DSC_0049-150x150.jpg\" alt=\"\" class=\"wp-image-1752\" style=\"aspect-ratio:4\/3;object-fit:cover\"\/><\/figure>\n<\/div>\n\n\n<p><br>\nJean-Luc ORSAL<br>\nSecr\u00e9taire<br>\n63 ans<br>\nTourain depuis 2016<br>\nRetrait\u00e9 d&rsquo;un grand groupe a\u00e9roportuaire<\/p>\n\n\n\n<hr class=\"wp-block-separator has-alpha-channel-opacity\"\/>\n\n\n\n<p>&nbsp;<\/p>\n\n\n<div class=\"wp-block-image\">\n<figure class=\"alignleft size-thumbnail\"><img loading=\"lazy\" decoding=\"async\" width=\"150\" height=\"150\" src=\"https:\/\/latourpourtous.fr\/wp-content\/uploads\/2020\/02\/DSC_0036-150x150.jpg\" alt=\"\" class=\"wp-image-1722\"\/><\/figure>\n<\/div>\n\n\n<p>Martine ARNIAUD &#8211; De CONTENCIN<br>\nSecr\u00e9taire-adjoint<br>\n68 ans<br>\nPetite fille et fille d&rsquo;agriculteurs Tourains<br>\nConsultante en communication retrait\u00e9e<\/p>\n\n\n\n<p>&nbsp;<\/p>\n\n\n\n<hr class=\"wp-block-separator has-alpha-channel-opacity\"\/>\n\n\n\n<p>&nbsp;<\/p>\n\n\n<div class=\"wp-block-image\">\n<figure class=\"alignleft size-thumbnail\"><a href=\"localhost:8888\/index.php\/qui-sommes-nous\/le-bureau\/zaza-au-boulot\/\" rel=\"attachment wp-att-1825\"><img loading=\"lazy\" decoding=\"async\" width=\"150\" height=\"150\" src=\"https:\/\/latourpourtous.fr\/wp-content\/uploads\/2020\/07\/zaza-au-boulot-150x150.jpg\" alt=\"\" class=\"wp-image-1825\"\/><\/a><\/figure>\n<\/div>\n\n\n<p>Isabelle CHALON<br> Tr\u00e9sori\u00e8re<br> 37 ans<br> Chef de Projet &#8211; Contract Manager \u00e0 ITER<br> Touraine r\u00e9cente, maman de 2 enfants\u00a0\u00e0 l&rsquo;\u00e9cole Lucie Aubrac<br><br><br><\/p>\n\n\n\n<hr class=\"wp-block-separator has-alpha-channel-opacity\"\/>\n\n\n<div class=\"wp-block-image\">\n<figure class=\"alignleft size-thumbnail\"><a href=\"localhost:8888\/index.php\/trombinoscope\/dsc_0042\/\"><img loading=\"lazy\" decoding=\"async\" width=\"150\" height=\"150\" src=\"https:\/\/latourpourtous.fr\/wp-content\/uploads\/2020\/02\/DSC_0042-150x150.jpg\" alt=\"\" class=\"wp-image-1728\"\/><\/a><\/figure>\n<\/div>\n\n\n<p><br> Julie  CLOUPE<span style=\"caret-color: rgb(0, 0, 0); color: rgb(0, 0, 0); font-family: -webkit-standard; white-space: normal;\">T<\/span><br>Tr\u00e9sori\u00e8re adjointe<br>38 ans<br>Masseur Kin\u00e9sith\u00e9rapeute \u00e0 La Tour d&rsquo;Aigues Depuis 2009<\/p>\n\n\n\n<p><\/p>\n\n\n\n<p><\/p>\n","protected":false},"excerpt":{"rendered":"<p>Antoine MEDVEDOWSKY Pr\u00e9sident M\u00e9decin sp\u00e9cialiste des maladies vasculaires, Ancien Pr\u00e9sident de l\u2019Office du Tourisme, Ancien Pr\u00e9sident de l\u2019Association du Ch\u00e2teau de La Tour d\u2019Aigues, Ancien Conseiller municipal &nbsp; Jean-Paul DESSAUD Vice-pr\u00e9sident 61&nbsp;ans Exploitant agricole \u00e0 La Tour d&rsquo;Aigues depuis 34 ans Membre du conseil du GDA &nbsp; Jean-Luc ORSAL Secr\u00e9taire 63 ans Tourain depuis 2016&hellip;&nbsp;<a href=\"https:\/\/www.latourpourtous.fr\/index.php\/qui-sommes-nous\/le-bureau\/\" rel=\"bookmark\"><span class=\"screen-reader-text\">Le bureau<\/span><\/a><\/p>\n","protected":false},"author":1,"featured_media":1868,"parent":6,"menu_order":1,"comment_status":"closed","ping_status":"closed","template":"","meta":{"neve_meta_sidebar":"","neve_meta_container":"","neve_meta_enable_content_width":"","neve_meta_content_width":0,"neve_meta_title_alignment":"","neve_meta_author_avatar":"","neve_post_elements_order":"","neve_meta_disable_header":"","neve_meta_disable_footer":"","neve_meta_disable_title":"","footnotes":""},"class_list":["post-65","page","type-page","status-publish","has-post-thumbnail","hentry"],"_links":{"self":[{"href":"https:\/\/www.latourpourtous.fr\/index.php\/wp-json\/wp\/v2\/pages\/65","targetHints":{"allow":["GET"]}}],"collection":[{"href":"https:\/\/www.latourpourtous.fr\/index.php\/wp-json\/wp\/v2\/pages"}],"about":[{"href":"https:\/\/www.latourpourtous.fr\/index.php\/wp-json\/wp\/v2\/types\/page"}],"author":[{"embeddable":true,"href":"https:\/\/www.latourpourtous.fr\/index.php\/wp-json\/wp\/v2\/users\/1"}],"replies":[{"embeddable":true,"href":"https:\/\/www.latourpourtous.fr\/index.php\/wp-json\/wp\/v2\/comments?post=65"}],"version-history":[{"count":12,"href":"https:\/\/www.latourpourtous.fr\/index.php\/wp-json\/wp\/v2\/pages\/65\/revisions"}],"predecessor-version":[{"id":2297,"href":"https:\/\/www.latourpourtous.fr\/index.php\/wp-json\/wp\/v2\/pages\/65\/revisions\/2297"}],"up":[{"embeddable":true,"href":"https:\/\/www.latourpourtous.fr\/index.php\/wp-json\/wp\/v2\/pages\/6"}],"wp:featuredmedia":[{"embeddable":true,"href":"https:\/\/www.latourpourtous.fr\/index.php\/wp-json\/wp\/v2\/media\/1868"}],"wp:attachment":[{"href":"https:\/\/www.latourpourtous.fr\/index.php\/wp-json\/wp\/v2\/media?parent=65"}],"curies":[{"name":"wp","href":"https:\/\/api.w.org\/{rel}","templated":true}]}}