{"id":2126,"date":"2025-07-19T16:35:48","date_gmt":"2025-07-19T14:35:48","guid":{"rendered":""},"modified":"2025-12-28T08:30:27","modified_gmt":"2025-12-28T07:30:27","slug":"articles-2","status":"publish","type":"page","link":"https:\/\/www.latourpourtous.fr\/index.php\/articles-2\/","title":{"rendered":"articles"},"content":{"rendered":"\n<p>D\u00e9couvrez tous nos articles, ou affinez par th\u00e8mes<\/p>\n\n\n<div class=\"wp-block-categories-dropdown wp-block-categories\"><label class=\"wp-block-categories__label screen-reader-text\" for=\"wp-block-categories-1\">Cat\u00e9gories<\/label><select  name='category_name' id='wp-block-categories-1' class='postform'>\n\t<option value='-1'>S\u00e9lectionner Cat\u00e9gorie<\/option>\n\t<option class=\"level-0\" value=\"actualites\">actualit\u00e9s<\/option>\n\t<option class=\"level-0\" value=\"campagne-electorale\">Campagne \u00e9lectorale<\/option>\n\t<option class=\"level-0\" value=\"culture-2\">Culture<\/option>\n\t<option class=\"level-0\" value=\"economie\">Economie<\/option>\n\t<option class=\"level-0\" value=\"editos\">Editos<\/option>\n\t<option class=\"level-0\" value=\"environnement\">Environnement<\/option>\n\t<option class=\"level-0\" value=\"intercommunalite\">Intercommunalit\u00e9<\/option>\n\t<option class=\"level-0\" value=\"point-de-vue\">Point de vue<\/option>\n\t<option class=\"level-0\" value=\"politique\">Politique<\/option>\n\t<option class=\"level-0\" value=\"non-classe\">tous les articles<\/option>\n\t<option class=\"level-0\" value=\"urbanisme\">Urbanisme<\/option>\n\t<option class=\"level-0\" value=\"vie-de-lassociation\">Vie de l&rsquo;association<\/option>\n\t<option class=\"level-0\" value=\"vie-municipale\">Vie municipale<\/option>\n<\/select><script>\n( ( [ dropdownId, homeUrl ] ) => {\n\t\tconst dropdown = document.getElementById( dropdownId );\n\t\tfunction onSelectChange() {\n\t\t\tsetTimeout( () => {\n\t\t\t\tif ( 'escape' === dropdown.dataset.lastkey ) {\n\t\t\t\t\treturn;\n\t\t\t\t}\n\t\t\t\tif ( dropdown.value && dropdown instanceof HTMLSelectElement ) {\n\t\t\t\t\tconst url = new URL( homeUrl );\n\t\t\t\t\turl.searchParams.set( dropdown.name, dropdown.value );\n\t\t\t\t\tlocation.href = url.href;\n\t\t\t\t}\n\t\t\t}, 250 );\n\t\t}\n\t\tfunction onKeyUp( event ) {\n\t\t\tif ( 'Escape' === event.key ) {\n\t\t\t\tdropdown.dataset.lastkey = 'escape';\n\t\t\t} else {\n\t\t\t\tdelete dropdown.dataset.lastkey;\n\t\t\t}\n\t\t}\n\t\tfunction onClick() {\n\t\t\tdelete dropdown.dataset.lastkey;\n\t\t}\n\t\tdropdown.addEventListener( 'keyup', onKeyUp );\n\t\tdropdown.addEventListener( 'click', onClick );\n\t\tdropdown.addEventListener( 'change', onSelectChange );\n\t} )( [\"wp-block-categories-1\",\"https:\/\/www.latourpourtous.fr\"] );\n\/\/# sourceURL=build_dropdown_script_block_core_categories\n<\/script>\n\n<\/div>\n\n<ul class=\"wp-block-latest-posts__list is-grid columns-2 has-dates wp-block-latest-posts\"><li><a class=\"wp-block-latest-posts__post-title\" href=\"https:\/\/www.latourpourtous.fr\/index.php\/2026\/03\/09\/2661\/\">La liste !<\/a><time datetime=\"2026-03-09T15:16:58+01:00\" class=\"wp-block-latest-posts__post-date\">09\/03\/2026<\/time><div class=\"wp-block-latest-posts__post-excerpt\"><\/div><\/li>\n<li><a class=\"wp-block-latest-posts__post-title\" href=\"https:\/\/www.latourpourtous.fr\/index.php\/2026\/03\/06\/la-provence-parle-de-nous\/\">La Provence parle de nous !<\/a><time datetime=\"2026-03-06T09:06:03+01:00\" class=\"wp-block-latest-posts__post-date\">06\/03\/2026<\/time><div class=\"wp-block-latest-posts__post-excerpt\">https:\/\/www.laprovence.com\/article\/elections\/38612113325071\/municipales-2026-romain-brette-menera-la-liste-la-tour-daigues-pour-tous?fbclid=IwY2xjawQbtNJleHRuA2FlbQIxMQBicmlkETB2ZlVGTVRRblp2bFZxZWtpc3J0YwZhcHBfaWQQMjIyMDM5MTc4ODIwMDg5MgABHpYW_igvXdkoBHK87jho7uPfV2En&#8211;TtWXKEcWfwGpCwcTTjhg0DNjjBrRUn_aem_3yLcACwzfjH1L_hNxyT8ZQ<\/div><\/li>\n<li><a class=\"wp-block-latest-posts__post-title\" href=\"https:\/\/www.latourpourtous.fr\/index.php\/2026\/03\/05\/nos-propositions-pour-les-zones-agricoles\/\">Nos propositions pour les zones agricoles<\/a><time datetime=\"2026-03-05T14:46:39+01:00\" class=\"wp-block-latest-posts__post-date\">05\/03\/2026<\/time><div class=\"wp-block-latest-posts__post-excerpt\"><\/div><\/li>\n<li><a class=\"wp-block-latest-posts__post-title\" href=\"https:\/\/www.latourpourtous.fr\/index.php\/2026\/02\/23\/des-pares-vue-pour-les-conteneurs-a-dechets\/\">DES PARE-VUES POUR LES CONTENEURS A DECHETS<\/a><time datetime=\"2026-02-23T18:28:32+01:00\" class=\"wp-block-latest-posts__post-date\">23\/02\/2026<\/time><div class=\"wp-block-latest-posts__post-excerpt\">Masquer les conteneurs \u00e0 d\u00e9chets c&rsquo;est possible, \u00e0 moindre co\u00fbt, \u00e0 vis\u00e9e esth\u00e9tique et anti pollution, c&rsquo;est de l&rsquo;\u00e9cologie positive et non punitive. Plusieurs options sont possibles. Tous nos grands projet seront pr\u00e9c\u00e9d\u00e9s d&rsquo;une large consultation publique et d\u00e9mocratique. Le 15 Mars vous aurez a choisir. Si vous&hellip;&nbsp;<a href=\"https:\/\/www.latourpourtous.fr\/index.php\/2026\/02\/23\/des-pares-vue-pour-les-conteneurs-a-dechets\/\" rel=\"bookmark\"><span class=\"screen-reader-text\">DES PARE-VUES POUR LES CONTENEURS A DECHETS<\/span><\/a><\/div><\/li>\n<li><a class=\"wp-block-latest-posts__post-title\" href=\"https:\/\/www.latourpourtous.fr\/index.php\/2026\/02\/13\/2615\/\">Notre programme pour un village heureux<\/a><time datetime=\"2026-02-13T09:26:15+01:00\" class=\"wp-block-latest-posts__post-date\">13\/02\/2026<\/time><div class=\"wp-block-latest-posts__post-excerpt\"><\/div><\/li>\n<li><a class=\"wp-block-latest-posts__post-title\" href=\"https:\/\/www.latourpourtous.fr\/index.php\/2026\/02\/11\/transfert-du-stade-yves-garcin\/\">TRANSFERT DU STADE YVES GARCIN<\/a><time datetime=\"2026-02-11T12:51:58+01:00\" class=\"wp-block-latest-posts__post-date\">11\/02\/2026<\/time><div class=\"wp-block-latest-posts__post-excerpt\">D\u00e9placement du stade yves Garcin: Le foncier lib\u00e9r\u00e9 permettrait:1\/3 de parkings pour compenser leur r\u00e9duction place du Ch\u00e2teau;1\/3 de logements en accession aid\u00e9e \u00e0 la propri\u00e9t\u00e9 pour les plus jeunes;1\/3 d&rsquo;espaces verts pour la v\u00e9g\u00e9talisation des sols en centre ville. Nous le ferons. Dans un mois vous aurez&hellip;&nbsp;<a href=\"https:\/\/www.latourpourtous.fr\/index.php\/2026\/02\/11\/transfert-du-stade-yves-garcin\/\" rel=\"bookmark\"><span class=\"screen-reader-text\">TRANSFERT DU STADE YVES GARCIN<\/span><\/a><\/div><\/li>\n<li><a class=\"wp-block-latest-posts__post-title\" href=\"https:\/\/www.latourpourtous.fr\/index.php\/2026\/02\/06\/amenagement-de-la-rue-antoine-de-tres\/\">AMENAGEMENT DE LA RUE ANTOINE DE TRES<\/a><time datetime=\"2026-02-06T17:16:28+01:00\" class=\"wp-block-latest-posts__post-date\">06\/02\/2026<\/time><div class=\"wp-block-latest-posts__post-excerpt\">AMENAGEMENT RUE ANTOINE DE TRES ( II ) Am\u00e9lioration de la circulation (fini les bouchons!), lutte contre les nuisances sonores et la pollution, s\u00e9curisation maximale pour les pi\u00e9tons et les cyclistes, nette am\u00e9lioration de l&rsquo;image de notre village. Nous le ferons. Dans un mois vous aurez un choix&hellip;&nbsp;<a href=\"https:\/\/www.latourpourtous.fr\/index.php\/2026\/02\/06\/amenagement-de-la-rue-antoine-de-tres\/\" rel=\"bookmark\"><span class=\"screen-reader-text\">AMENAGEMENT DE LA RUE ANTOINE DE TRES<\/span><\/a><\/div><\/li>\n<li><a class=\"wp-block-latest-posts__post-title\" href=\"https:\/\/www.latourpourtous.fr\/index.php\/2026\/01\/31\/voeux-2026\/\">VOEUX 2026<\/a><time datetime=\"2026-01-31T19:45:07+01:00\" class=\"wp-block-latest-posts__post-date\">31\/01\/2026<\/time><div class=\"wp-block-latest-posts__post-excerpt\">Bonne ann\u00e9e \u00e0 tous. Nous vous souhaitons beaucoup de joies familiales, une bonne sant\u00e9 et des r\u00e9ussites en tous domaines. Dans le monde, souhaitons pour cette nouvelle ann\u00e9e que les armes se taisent, que les id\u00e9ologies laissent les populations vivre c\u00f4te \u00e0 c\u00f4te et que les va t&hellip;&nbsp;<a href=\"https:\/\/www.latourpourtous.fr\/index.php\/2026\/01\/31\/voeux-2026\/\" rel=\"bookmark\"><span class=\"screen-reader-text\">VOEUX 2026<\/span><\/a><\/div><\/li>\n<li><a class=\"wp-block-latest-posts__post-title\" href=\"https:\/\/www.latourpourtous.fr\/index.php\/2026\/01\/21\/2578\/\">AM\u00c9NAGEMENT DE LA RUE ANTOINE DE TRES<\/a><time datetime=\"2026-01-21T18:52:20+01:00\" class=\"wp-block-latest-posts__post-date\">21\/01\/2026<\/time><div class=\"wp-block-latest-posts__post-excerpt\">AMENAGEMENT RUE ANTOINE DE TRES ( I ) Am\u00e9lioration de la circulation (fini les bouchons!), lutte contre les nuisances sonores et la pollution, s\u00e9curisation maximale pour les pi\u00e9tons et les cyclistes, nette am\u00e9lioration esth\u00e9tique de l&rsquo;entr\u00e9e dans le village. Nous le ferons! Dans deux mois vous aurez un&hellip;&nbsp;<a href=\"https:\/\/www.latourpourtous.fr\/index.php\/2026\/01\/21\/2578\/\" rel=\"bookmark\"><span class=\"screen-reader-text\">AM\u00c9NAGEMENT DE LA RUE ANTOINE DE TRES<\/span><\/a><\/div><\/li>\n<li><a class=\"wp-block-latest-posts__post-title\" href=\"https:\/\/www.latourpourtous.fr\/index.php\/2026\/01\/12\/2563\/\">LE CIMETI\u00c8RE<\/a><time datetime=\"2026-01-12T16:52:51+01:00\" class=\"wp-block-latest-posts__post-date\">12\/01\/2026<\/time><div class=\"wp-block-latest-posts__post-excerpt\">ENTREE NORD DU CIMETIERE: Un terrain vague ! Honorer nos disparus et respecter les familles qui viennent se recueillir, un simple am\u00e9nagement suffit&#8230;mais il n&rsquo;est pas fait. Nous le ferons! Dans deux mois vous aurez un choix \u00e0 faire, si vous voulez agir rejoignez l&rsquo;\u00e9quipe de La Tour&hellip;&nbsp;<a href=\"https:\/\/www.latourpourtous.fr\/index.php\/2026\/01\/12\/2563\/\" rel=\"bookmark\"><span class=\"screen-reader-text\">LE CIMETI\u00c8RE<\/span><\/a><\/div><\/li>\n<li><div class=\"wp-block-latest-posts__featured-image alignleft\"><a href=\"https:\/\/www.latourpourtous.fr\/index.php\/2026\/01\/01\/2446\/\" aria-label=\"Am\u00e9nagement urbain\"><img loading=\"lazy\" decoding=\"async\" width=\"150\" height=\"150\" src=\"https:\/\/www.latourpourtous.fr\/wp-content\/uploads\/2026\/01\/IMG_4250-150x150.png\" class=\"attachment-thumbnail size-thumbnail wp-post-image\" alt=\"AMENAGEMENT URBAIN\" style=\"max-width:113px;max-height:113px;\" \/><\/a><\/div><a class=\"wp-block-latest-posts__post-title\" href=\"https:\/\/www.latourpourtous.fr\/index.php\/2026\/01\/01\/2446\/\">Am\u00e9nagement urbain<\/a><time datetime=\"2026-01-01T11:51:33+01:00\" class=\"wp-block-latest-posts__post-date\">01\/01\/2026<\/time><div class=\"wp-block-latest-posts__post-excerpt\">VOIE DE L&rsquo;OURGOUSE (Boulevard Maurice Lovisolo): Pour La Tour d&rsquo;Aigues Pour Tous: S\u00e9curit\u00e9 et \u00e9cologie raisonn\u00e9e peuvent aller de pair. S\u00e9curit\u00e9 par radar intelligent d\u00e9clenchant les feux en cas de d\u00e9passement de la vitesse autoris\u00e9e. Am\u00e9nagement des espaces verts dans le prolongement d&rsquo;une trame verte et bleue autour&hellip;&nbsp;<a href=\"https:\/\/www.latourpourtous.fr\/index.php\/2026\/01\/01\/2446\/\" rel=\"bookmark\"><span class=\"screen-reader-text\">Am\u00e9nagement urbain<\/span><\/a><\/div><\/li>\n<li><div class=\"wp-block-latest-posts__featured-image alignleft\"><a href=\"https:\/\/www.latourpourtous.fr\/index.php\/2025\/12\/21\/deplacement-du-stade-yves-garcin\/\" aria-label=\"D\u00e9placement du stade Yves Garcin\"><img loading=\"lazy\" decoding=\"async\" width=\"150\" height=\"150\" src=\"https:\/\/www.latourpourtous.fr\/wp-content\/uploads\/2025\/12\/IMG_4156-150x150.jpg\" class=\"attachment-thumbnail size-thumbnail wp-post-image\" alt=\"\" style=\"max-width:113px;max-height:113px;\" \/><\/a><\/div><a class=\"wp-block-latest-posts__post-title\" href=\"https:\/\/www.latourpourtous.fr\/index.php\/2025\/12\/21\/deplacement-du-stade-yves-garcin\/\">D\u00e9placement du stade Yves Garcin<\/a><time datetime=\"2025-12-21T10:50:43+01:00\" class=\"wp-block-latest-posts__post-date\">21\/12\/2025<\/time><div class=\"wp-block-latest-posts__post-excerpt\">D\u00e9placement du stade Yves Garcin : le foncier lib\u00e9r\u00e9 permettrait: 1\/3 de parkings pour compenser leur r\u00e9duction place du Ch\u00e2teau;1\/3 de logements en accession aid\u00e9e \u00e0 la propri\u00e9t\u00e9 pour les plus jeunes1\/3 d&rsquo;espaces verts pour la v\u00e9g\u00e9talisation des sols en centre ville. Dans deux mois vous aurez un&hellip;&nbsp;<a href=\"https:\/\/www.latourpourtous.fr\/index.php\/2025\/12\/21\/deplacement-du-stade-yves-garcin\/\" rel=\"bookmark\"><span class=\"screen-reader-text\">D\u00e9placement du stade Yves Garcin<\/span><\/a><\/div><\/li>\n<li><div class=\"wp-block-latest-posts__featured-image alignleft\"><a href=\"https:\/\/www.latourpourtous.fr\/index.php\/2025\/12\/04\/circulation-a-la-tour-daigues\/\" aria-label=\"Circulation \u00e0 La Tour d&rsquo;Aigues\"><img loading=\"lazy\" decoding=\"async\" width=\"150\" height=\"150\" src=\"https:\/\/www.latourpourtous.fr\/wp-content\/uploads\/2025\/12\/IMG_4154-150x150.jpg\" class=\"attachment-thumbnail size-thumbnail wp-post-image\" alt=\"\" style=\"max-width:113px;max-height:113px;\" \/><\/a><\/div><a class=\"wp-block-latest-posts__post-title\" href=\"https:\/\/www.latourpourtous.fr\/index.php\/2025\/12\/04\/circulation-a-la-tour-daigues\/\">Circulation \u00e0 La Tour d&rsquo;Aigues<\/a><time datetime=\"2025-12-04T16:22:54+01:00\" class=\"wp-block-latest-posts__post-date\">04\/12\/2025<\/time><div class=\"wp-block-latest-posts__post-excerpt\">Embouteillages rue Antoine de Tr\u00e8s, au carrefour sous la Mairie et au niveau du goulet devant la biblioth\u00e8que et la salle culturelle Philibert: Notre plan de circulation est pr\u00eat depuis 6 ans, publi\u00e9, valid\u00e9 et actualis\u00e9. Avec des cons\u00e9quences largement positives pour les pi\u00e9tons et, par une nette&hellip;&nbsp;<a href=\"https:\/\/www.latourpourtous.fr\/index.php\/2025\/12\/04\/circulation-a-la-tour-daigues\/\" rel=\"bookmark\"><span class=\"screen-reader-text\">Circulation \u00e0 La Tour d&rsquo;Aigues<\/span><\/a><\/div><\/li>\n<li><div class=\"wp-block-latest-posts__featured-image alignleft\"><a href=\"https:\/\/www.latourpourtous.fr\/index.php\/2025\/11\/26\/vie-du-village\/\" aria-label=\"Vie du Village\"><img loading=\"lazy\" decoding=\"async\" width=\"150\" height=\"150\" src=\"https:\/\/www.latourpourtous.fr\/wp-content\/uploads\/2025\/11\/IMG_4155-150x150.jpg\" class=\"attachment-thumbnail size-thumbnail wp-post-image\" alt=\"\" style=\"max-width:113px;max-height:113px;\" \/><\/a><\/div><a class=\"wp-block-latest-posts__post-title\" href=\"https:\/\/www.latourpourtous.fr\/index.php\/2025\/11\/26\/vie-du-village\/\">Vie du Village<\/a><time datetime=\"2025-11-26T12:03:01+01:00\" class=\"wp-block-latest-posts__post-date\">26\/11\/2025<\/time><div class=\"wp-block-latest-posts__post-excerpt\">Voil\u00e0 une des raisons pour lesquelles nous devons \u00eatre pr\u00e9sents aux prochaines \u00e9lections municipales !<\/div><\/li>\n<li><div class=\"wp-block-latest-posts__featured-image alignleft\"><a href=\"https:\/\/www.latourpourtous.fr\/index.php\/2025\/07\/17\/assemblee-generale-du-2-juillet-2025\/\" aria-label=\"Assembl\u00e9e g\u00e9n\u00e9rale du 2 juillet 2025\"><img loading=\"lazy\" decoding=\"async\" width=\"150\" height=\"150\" src=\"https:\/\/www.latourpourtous.fr\/wp-content\/uploads\/2018\/08\/LaTour-1-150x150.jpg\" class=\"attachment-thumbnail size-thumbnail wp-post-image\" alt=\"\" style=\"max-width:113px;max-height:113px;\" \/><\/a><\/div><a class=\"wp-block-latest-posts__post-title\" href=\"https:\/\/www.latourpourtous.fr\/index.php\/2025\/07\/17\/assemblee-generale-du-2-juillet-2025\/\">Assembl\u00e9e g\u00e9n\u00e9rale du 2 juillet 2025<\/a><time datetime=\"2025-07-17T08:55:41+02:00\" class=\"wp-block-latest-posts__post-date\">17\/07\/2025<\/time><div class=\"wp-block-latest-posts__post-excerpt\">Le quorum \u00e9tant largement atteint l&rsquo;assembl\u00e9e g\u00e9n\u00e9rale de l&rsquo;association a pu se d\u00e9rouler normalement et dans la bonne humeur dans le sympathique cadre de La Castelette. Voici le rapport moral pr\u00e9sent\u00e9 par le pr\u00e9sident de l&rsquo;association: Comme je vous l&rsquo;avais indiqu\u00e9 l&rsquo;ann\u00e9e derni\u00e8re nous avons d&#8217;embl\u00e9e jou\u00e9 le&hellip;&nbsp;<a href=\"https:\/\/www.latourpourtous.fr\/index.php\/2025\/07\/17\/assemblee-generale-du-2-juillet-2025\/\" rel=\"bookmark\"><span class=\"screen-reader-text\">Assembl\u00e9e g\u00e9n\u00e9rale du 2 juillet 2025<\/span><\/a><\/div><\/li>\n<li><a class=\"wp-block-latest-posts__post-title\" href=\"https:\/\/www.latourpourtous.fr\/index.php\/2025\/06\/15\/armes-blanches-dans-les-colleges-et-lycees\/\">Armes blanches dans les coll\u00e8ges et les lyc\u00e9es<\/a><time datetime=\"2025-06-15T17:07:47+02:00\" class=\"wp-block-latest-posts__post-date\">15\/06\/2025<\/time><div class=\"wp-block-latest-posts__post-excerpt\">Cette semaine une jeune surveillante de coll\u00e8ge a \u00e9t\u00e9 poignard\u00e9e \u00e0 mort par un \u00e9l\u00e8ve de 14 ans. Dans les 15 jours pr\u00e9c\u00e9dents, des fouilles al\u00e9atoires effectu\u00e9es \u00e0 l&rsquo;entr\u00e9e de certains coll\u00e8ges en France ont permis de saisir 132 armes blanches, couteaux, poignards et autres (ainsi qu&rsquo;un certain&hellip;&nbsp;<a href=\"https:\/\/www.latourpourtous.fr\/index.php\/2025\/06\/15\/armes-blanches-dans-les-colleges-et-lycees\/\" rel=\"bookmark\"><span class=\"screen-reader-text\">Armes blanches dans les coll\u00e8ges et les lyc\u00e9es<\/span><\/a><\/div><\/li>\n<li><a class=\"wp-block-latest-posts__post-title\" href=\"https:\/\/www.latourpourtous.fr\/index.php\/2025\/05\/14\/association-la-tour-pour-tous\/\">ASSOCIATION LA TOUR POUR TOUS<\/a><time datetime=\"2025-05-14T16:19:17+02:00\" class=\"wp-block-latest-posts__post-date\">14\/05\/2025<\/time><div class=\"wp-block-latest-posts__post-excerpt\">Chers Amis, L&rsquo;Assembl\u00e9e G\u00e9n\u00e9rale de notre association se tiendra le 2 juillet prochain \u00e0 La Castelette \u00e0 18 heures. La date des \u00e9ch\u00e9ances municipales se profile et nous lan\u00e7ons un appel \u00e0 toutes les bonnes volont\u00e9s. Vous savez que notre position est r\u00e9solument Apolitique, loin de toute id\u00e9ologie,&hellip;&nbsp;<a href=\"https:\/\/www.latourpourtous.fr\/index.php\/2025\/05\/14\/association-la-tour-pour-tous\/\" rel=\"bookmark\"><span class=\"screen-reader-text\">ASSOCIATION LA TOUR POUR TOUS<\/span><\/a><\/div><\/li>\n<li><a class=\"wp-block-latest-posts__post-title\" href=\"https:\/\/www.latourpourtous.fr\/index.php\/2025\/01\/23\/voeux-2025-de-lassociation\/\">VOEUX 2025 DE L&rsquo;ASSOCIATION<\/a><time datetime=\"2025-01-23T17:02:53+01:00\" class=\"wp-block-latest-posts__post-date\">23\/01\/2025<\/time><div class=\"wp-block-latest-posts__post-excerpt\">&nbsp; BIENVENUE A 2025 ! &nbsp; L&rsquo;association La Tour d&rsquo;Aigues Pour Tous vous souhaite une tr\u00e8s bonne ann\u00e9e 2025. Souhaitons pour le monde que les catastrophes climatiques se calment et que, pour freiner le d\u00e9r\u00e8glement climatique, les efforts dont la France est de loin la chef de file&hellip;&nbsp;<a href=\"https:\/\/www.latourpourtous.fr\/index.php\/2025\/01\/23\/voeux-2025-de-lassociation\/\" rel=\"bookmark\"><span class=\"screen-reader-text\">VOEUX 2025 DE L&rsquo;ASSOCIATION<\/span><\/a><\/div><\/li>\n<li><a class=\"wp-block-latest-posts__post-title\" href=\"https:\/\/www.latourpourtous.fr\/index.php\/2024\/09\/13\/assemblee-generale-du-11juin-2024\/\">Assembl\u00e9e G\u00e9n\u00e9rale du 11Juin 2024<\/a><time datetime=\"2024-09-13T07:32:46+02:00\" class=\"wp-block-latest-posts__post-date\">13\/09\/2024<\/time><div class=\"wp-block-latest-posts__post-excerpt\">Rapport Moral du Pr\u00e9sident Antoine Medvedowsky Quoi de neuf depuis un an. Comme je vous l&rsquo;avais indiqu\u00e9 nous avons d&#8217;embl\u00e9e jou\u00e9 le jeu avec le nouveau Maire Fran\u00e7ois-Xavier Guis-Spengler qui nous rendu la pareille en \u00e9coutant et consultant m\u00eame nos trois \u00e9lus \u00e0 la diff\u00e9rence de son pr\u00e9d\u00e9cesseur.&hellip;&nbsp;<a href=\"https:\/\/www.latourpourtous.fr\/index.php\/2024\/09\/13\/assemblee-generale-du-11juin-2024\/\" rel=\"bookmark\"><span class=\"screen-reader-text\">Assembl\u00e9e G\u00e9n\u00e9rale du 11Juin 2024<\/span><\/a><\/div><\/li>\n<li><a class=\"wp-block-latest-posts__post-title\" href=\"https:\/\/www.latourpourtous.fr\/index.php\/2024\/01\/03\/bonne-annee-2024\/\">BONNE ANNEE 2024<\/a><time datetime=\"2024-01-03T17:30:55+01:00\" class=\"wp-block-latest-posts__post-date\">03\/01\/2024<\/time><div class=\"wp-block-latest-posts__post-excerpt\">BONNE ANNEE 2024 ! Nous ne saurons probablement jamais \u00e0 qui revient la responsabilit\u00e9 du choix de la d\u00e9coration saugrenue des rond-points des extr\u00e9mit\u00e9s du boulevard de l&rsquo;Ourgouse pour les f\u00eates, en tout cas les gouttes rouge et verte ne sont toujours pas tomb\u00e9es ! Plus s\u00e9rieusement, La&hellip;&nbsp;<a href=\"https:\/\/www.latourpourtous.fr\/index.php\/2024\/01\/03\/bonne-annee-2024\/\" rel=\"bookmark\"><span class=\"screen-reader-text\">BONNE ANNEE 2024<\/span><\/a><\/div><\/li>\n<li><a class=\"wp-block-latest-posts__post-title\" href=\"https:\/\/www.latourpourtous.fr\/index.php\/2023\/07\/03\/assemblee-generale-2023\/\">ASSEMBLEE GENERALE 2023<\/a><time datetime=\"2023-07-03T09:22:37+02:00\" class=\"wp-block-latest-posts__post-date\">03\/07\/2023<\/time><div class=\"wp-block-latest-posts__post-excerpt\">AG DU 9 JUIN 2023 Une vingtaine de membres de l&rsquo;association \u00e9taient pr\u00e9sents le vendredi 9 Juin pour le dixi\u00e8me anniversaire de La Tour d&rsquo;Aigues Pour Tous au Domaine de la Castelette, toujours sympathiquement accueilli par notre ami Fran\u00e7ois Lachal. Une vingtaine de pouvoirs avaient \u00e9t\u00e9 adress\u00e9s ou&hellip;&nbsp;<a href=\"https:\/\/www.latourpourtous.fr\/index.php\/2023\/07\/03\/assemblee-generale-2023\/\" rel=\"bookmark\"><span class=\"screen-reader-text\">ASSEMBLEE GENERALE 2023<\/span><\/a><\/div><\/li>\n<li><a class=\"wp-block-latest-posts__post-title\" href=\"https:\/\/www.latourpourtous.fr\/index.php\/2023\/01\/11\/bonne-annee-de-la-part-de-la-tour-daigues-pour-tous\/\">BONNE ANNEE  DE LA PART DE LA TOUR D&rsquo;AIGUES POUR TOUS<\/a><time datetime=\"2023-01-11T10:32:18+01:00\" class=\"wp-block-latest-posts__post-date\">11\/01\/2023<\/time><div class=\"wp-block-latest-posts__post-excerpt\">&nbsp; Chers Amis, Que nous souhaiter pour 2023 si ce n&rsquo;est beaucoup de joies, de r\u00e9ussites et de sant\u00e9 pour tous, et la paix et la prosp\u00e9rit\u00e9 partout. En ce d\u00e9but d&rsquo;ann\u00e9e restons r\u00e9solument optimistes : Sachons que la mortalit\u00e9 infantile est partout dans le monde consid\u00e9rablement r\u00e9duite,&hellip;&nbsp;<a href=\"https:\/\/www.latourpourtous.fr\/index.php\/2023\/01\/11\/bonne-annee-de-la-part-de-la-tour-daigues-pour-tous\/\" rel=\"bookmark\"><span class=\"screen-reader-text\">BONNE ANNEE  DE LA PART DE LA TOUR D&rsquo;AIGUES POUR TOUS<\/span><\/a><\/div><\/li>\n<li><a class=\"wp-block-latest-posts__post-title\" href=\"https:\/\/www.latourpourtous.fr\/index.php\/2022\/06\/19\/ag-latourpourtous-10-juin-2022\/\">AG Latourpourtous 10 Juin 2022<\/a><time datetime=\"2022-06-19T10:41:23+02:00\" class=\"wp-block-latest-posts__post-date\">19\/06\/2022<\/time><div class=\"wp-block-latest-posts__post-excerpt\">&nbsp; Pr\u00e8s de trente personnes, adh\u00e9rents de l&rsquo;Association La Tour d&rsquo;Aigues Pour Tous, se sont retrouv\u00e9es ce vendredi 10Juin dans les jardins de La Castelette. Le Rapport Moral du Pr\u00e9sident Antoine Medvedowsky tient lieu d&rsquo;\u00e9ditorial pour ce mois-ci: \u00ab\u00a0Les \u00e9lections municipales ont eu lieu il y a deux&hellip;&nbsp;<a href=\"https:\/\/www.latourpourtous.fr\/index.php\/2022\/06\/19\/ag-latourpourtous-10-juin-2022\/\" rel=\"bookmark\"><span class=\"screen-reader-text\">AG Latourpourtous 10 Juin 2022<\/span><\/a><\/div><\/li>\n<li><a class=\"wp-block-latest-posts__post-title\" href=\"https:\/\/www.latourpourtous.fr\/index.php\/2022\/01\/06\/voeux-2022\/\">VOEUX 2022<\/a><time datetime=\"2022-01-06T17:39:28+01:00\" class=\"wp-block-latest-posts__post-date\">06\/01\/2022<\/time><div class=\"wp-block-latest-posts__post-excerpt\">BONNE ANNEE ! Chers Amis, En relisant ce que nous vous avions adress\u00e9 en guise de voeux il y a un an, et une fois n&rsquo;est pas coutume, nous ne sommes pas m\u00e9content : Oui nous avons eu un gros probl\u00e8me \u00e0 g\u00e9rer, sanitaire, social, \u00e9conomique, en un&hellip;&nbsp;<a href=\"https:\/\/www.latourpourtous.fr\/index.php\/2022\/01\/06\/voeux-2022\/\" rel=\"bookmark\"><span class=\"screen-reader-text\">VOEUX 2022<\/span><\/a><\/div><\/li>\n<li><a class=\"wp-block-latest-posts__post-title\" href=\"https:\/\/www.latourpourtous.fr\/index.php\/2021\/11\/08\/bien-vivre-ensemble-a-la-tour-daigues\/\">BIEN VIVRE ENSEMBLE A LA TOUR D&rsquo;AIGUES ?<\/a><time datetime=\"2021-11-08T11:52:41+01:00\" class=\"wp-block-latest-posts__post-date\">08\/11\/2021<\/time><div class=\"wp-block-latest-posts__post-excerpt\">Alors que ces derni\u00e8res ann\u00e9es la plupart des villages de la Vall\u00e9e d&rsquo;Aigues ont fait peau neuve, avec des fa\u00e7ades raval\u00e9es, des rues pi\u00e9tonnis\u00e9es, des devantures de commerces harmonis\u00e9es, des aires de conteneurs \u00e0 ordures masqu\u00e9es \u00e0 la vue, des places et placettes d\u00e9barrass\u00e9es de leurs voitures pour&hellip;&nbsp;<a href=\"https:\/\/www.latourpourtous.fr\/index.php\/2021\/11\/08\/bien-vivre-ensemble-a-la-tour-daigues\/\" rel=\"bookmark\"><span class=\"screen-reader-text\">BIEN VIVRE ENSEMBLE A LA TOUR D&rsquo;AIGUES ?<\/span><\/a><\/div><\/li>\n<li><div class=\"wp-block-latest-posts__featured-image alignleft\"><a href=\"https:\/\/www.latourpourtous.fr\/index.php\/2021\/06\/21\/un-nouveau-plan-de-circulation-pour-la-tour-daigues\/\" aria-label=\"Un Nouveau Plan de circulation pour La Tour d&rsquo;Aigues\"><img loading=\"lazy\" decoding=\"async\" width=\"150\" height=\"150\" src=\"https:\/\/www.latourpourtous.fr\/wp-content\/uploads\/2021\/06\/PlanCirculation-150x150.jpg\" class=\"attachment-thumbnail size-thumbnail wp-post-image\" alt=\"\" style=\"max-width:113px;max-height:113px;\" \/><\/a><\/div><a class=\"wp-block-latest-posts__post-title\" href=\"https:\/\/www.latourpourtous.fr\/index.php\/2021\/06\/21\/un-nouveau-plan-de-circulation-pour-la-tour-daigues\/\">Un Nouveau Plan de circulation pour La Tour d&rsquo;Aigues<\/a><time datetime=\"2021-06-21T10:33:44+02:00\" class=\"wp-block-latest-posts__post-date\">21\/06\/2021<\/time><div class=\"wp-block-latest-posts__post-excerpt\">LA NOUVELLE VOIE DE L&rsquo;OURGOUSE La voie de d\u00e9rivation de l&rsquo;Ourgouse, qui n&rsquo;a rien d&rsquo;un \u00ab\u00a0barreau\u00a0\u00bb\u00a0 mais est bien une nouvelle voie de circulation dans le village, attendue depuis 7 ans, est enfin pr\u00eate. Nous apprenons cependant qu&rsquo;aucun plan de circulation adapt\u00e9 autour de cette opportunit\u00e9 n&rsquo;a \u00e9t\u00e9&hellip;&nbsp;<a href=\"https:\/\/www.latourpourtous.fr\/index.php\/2021\/06\/21\/un-nouveau-plan-de-circulation-pour-la-tour-daigues\/\" rel=\"bookmark\"><span class=\"screen-reader-text\">Un Nouveau Plan de circulation pour La Tour d&rsquo;Aigues<\/span><\/a><\/div><\/li>\n<li><a class=\"wp-block-latest-posts__post-title\" href=\"https:\/\/www.latourpourtous.fr\/index.php\/2021\/06\/21\/assemblee-generale-annuelle-2021\/\">Assembl\u00e9e G\u00e9n\u00e9rale Annuelle 2021<\/a><time datetime=\"2021-06-21T10:03:13+02:00\" class=\"wp-block-latest-posts__post-date\">21\/06\/2021<\/time><div class=\"wp-block-latest-posts__post-excerpt\">COMPTE RENDU DE L&rsquo;AG DU 10 JUIN 2021 Bonjour \u00e0 tous, et merci pour votre pr\u00e9sence. J&rsquo;ai l&rsquo;honneur et le plaisir de d\u00e9clarer ouverte la 8\u00e8me AG de La Tour Pour Tous. Le quorum est largement atteint avec les pouvoirs et beaucoup d&rsquo;associations citoyennes aimeraient avoir notre assistance\u00a0!&hellip;&nbsp;<a href=\"https:\/\/www.latourpourtous.fr\/index.php\/2021\/06\/21\/assemblee-generale-annuelle-2021\/\" rel=\"bookmark\"><span class=\"screen-reader-text\">Assembl\u00e9e G\u00e9n\u00e9rale Annuelle 2021<\/span><\/a><\/div><\/li>\n<li><a class=\"wp-block-latest-posts__post-title\" href=\"https:\/\/www.latourpourtous.fr\/index.php\/2021\/04\/14\/edito-avril-2021\/\">EDITO AVRIL 2021<\/a><time datetime=\"2021-04-14T23:01:36+02:00\" class=\"wp-block-latest-posts__post-date\">14\/04\/2021<\/time><div class=\"wp-block-latest-posts__post-excerpt\">Ce mois ci \u00e0\u00a0la Mairie: Projet de Conseil Consultatif pour une d\u00e9mocratie participative propos\u00e9 par la commission Vivre Ensemble&#8230;.! La bonne blague ! Tartuferie, d\u00e9magogie \u00e9labor\u00e9e ou simple populisme&#8230; c&rsquo;est au choix ! Nous aurons donc 12 participants tir\u00e9s au sort (admettons que la moiti\u00e9 d&rsquo;entre eux soient&hellip;&nbsp;<a href=\"https:\/\/www.latourpourtous.fr\/index.php\/2021\/04\/14\/edito-avril-2021\/\" rel=\"bookmark\"><span class=\"screen-reader-text\">EDITO AVRIL 2021<\/span><\/a><\/div><\/li>\n<li><a class=\"wp-block-latest-posts__post-title\" href=\"https:\/\/www.latourpourtous.fr\/index.php\/2021\/01\/02\/bonne-annee\/\">BONNE ANNEE<\/a><time datetime=\"2021-01-02T11:28:35+01:00\" class=\"wp-block-latest-posts__post-date\">02\/01\/2021<\/time><div class=\"wp-block-latest-posts__post-excerpt\">BONNE ANNEE 2021 ! Chers Amis, Certains viennent d&rsquo;\u00e9crire que l&rsquo;ann\u00e9e 2020 aura \u00e9t\u00e9 la pire de l&rsquo;histoire de l&rsquo;humanit\u00e9 ! Diable ! Il est vrai que les tonnes de mauvaises informations, parfois fausses, qui nous ont \u00e9t\u00e9 d\u00e9vers\u00e9es par les m\u00e9dias jours apr\u00e8s jours, soir apr\u00e8s soir,&hellip;&nbsp;<a href=\"https:\/\/www.latourpourtous.fr\/index.php\/2021\/01\/02\/bonne-annee\/\" rel=\"bookmark\"><span class=\"screen-reader-text\">BONNE ANNEE<\/span><\/a><\/div><\/li>\n<li><a class=\"wp-block-latest-posts__post-title\" href=\"https:\/\/www.latourpourtous.fr\/index.php\/2020\/11\/11\/le-mot-des-elus-de-la-tour-daigues-pour-tous\/\">LE MOT DES ELUS DE LA TOUR D&rsquo;AIGUES POUR TOUS<\/a><time datetime=\"2020-11-11T18:37:19+01:00\" class=\"wp-block-latest-posts__post-date\">11\/11\/2020<\/time><div class=\"wp-block-latest-posts__post-excerpt\">Lors du Conseil Municipal du mois de Juillet concernant le vote du taux des imp\u00f4ts locaux pour 2020\u00a0 Monsieur le Maire a propos\u00e9 d&rsquo;augmenter les imp\u00f4ts foncier de 3% cette ann\u00e9e. Les 3 \u00e9lus du groupe La Tour d&rsquo;Aigues Pour Tous se sont prononc\u00e9s contre pour 4 raisons\u00a0:&hellip;&nbsp;<a href=\"https:\/\/www.latourpourtous.fr\/index.php\/2020\/11\/11\/le-mot-des-elus-de-la-tour-daigues-pour-tous\/\" rel=\"bookmark\"><span class=\"screen-reader-text\">LE MOT DES ELUS DE LA TOUR D&rsquo;AIGUES POUR TOUS<\/span><\/a><\/div><\/li>\n<li><a class=\"wp-block-latest-posts__post-title\" href=\"https:\/\/www.latourpourtous.fr\/index.php\/2020\/07\/16\/compte-rendu-de-lassemblee-generale-annuelle-2020-de-la-tour-pour-tous\/\">COMPTE RENDU DE L&rsquo;ASSEMBLEE GENERALE ANNUELLE 2020 DE LA TOUR POUR TOUS<\/a><time datetime=\"2020-07-16T20:09:44+02:00\" class=\"wp-block-latest-posts__post-date\">16\/07\/2020<\/time><div class=\"wp-block-latest-posts__post-excerpt\">La 7\u00e8me Assembl\u00e9e G\u00e9n\u00e9rale de La Tour Pour Tous a eu lieu le Vendredi 18 Juin dans la cour du Domaine de La Castelette chez notre ami Fran\u00e7ois LACHAL. Une trentaine d&rsquo;adh\u00e9rents \u00e9taient pr\u00e9sents pour cette douce soir\u00e9e estivale. I\/ Le rapport de Madame la Tr\u00e9sori\u00e8re Claudette GASTALDI&hellip;&nbsp;<a href=\"https:\/\/www.latourpourtous.fr\/index.php\/2020\/07\/16\/compte-rendu-de-lassemblee-generale-annuelle-2020-de-la-tour-pour-tous\/\" rel=\"bookmark\"><span class=\"screen-reader-text\">COMPTE RENDU DE L&rsquo;ASSEMBLEE GENERALE ANNUELLE 2020 DE LA TOUR POUR TOUS<\/span><\/a><\/div><\/li>\n<li><a class=\"wp-block-latest-posts__post-title\" href=\"https:\/\/www.latourpourtous.fr\/index.php\/2020\/07\/16\/commissions-municipales\/\">COMMISSIONS MUNICIPALES<\/a><time datetime=\"2020-07-16T16:57:02+02:00\" class=\"wp-block-latest-posts__post-date\">16\/07\/2020<\/time><div class=\"wp-block-latest-posts__post-excerpt\">COMMISSIONS MUNICIPALES Les 3 \u00e9lus de La Tour d&rsquo;Aigues Pour Tous (Groupe d&rsquo;opposition) ont choisi de si\u00e9ger\u00a0dans les commissions suivantes: 1\/ Romain BRETTE Commission des Finances Commission de l&rsquo;Urbanisme Commission D\u00e9mocratie Participative et Vie Economique 2\/ Martine LAFOND \u2013 SOCQUET JUGLARD Commission Education Commission Action Sociale (CCAS) Commission&hellip;&nbsp;<a href=\"https:\/\/www.latourpourtous.fr\/index.php\/2020\/07\/16\/commissions-municipales\/\" rel=\"bookmark\"><span class=\"screen-reader-text\">COMMISSIONS MUNICIPALES<\/span><\/a><\/div><\/li>\n<li><a class=\"wp-block-latest-posts__post-title\" href=\"https:\/\/www.latourpourtous.fr\/index.php\/2020\/07\/10\/compte-rendu-du-conseil-municipal-du-10-07-2020\/\">COMPTE RENDU DU CONSEIL MUNICIPAL DU 10\/07\/2020<\/a><time datetime=\"2020-07-10T15:46:34+02:00\" class=\"wp-block-latest-posts__post-date\">10\/07\/2020<\/time><div class=\"wp-block-latest-posts__post-excerpt\">1\/ DEBAT D\u2019ORIENTATION BUDGETAIRE\u00a0: Nos \u00e9lus demandent qu\u2019\u00e0 l\u2019avenir les budgets consacrent un peu moins d\u2019investissements au foncier et un peu plus au b\u00e9n\u00e9fice des espaces publics par des programmes pluri-annuels par exemple de plan de circulation, requalification de la place du ch\u00e2teau, pistes cyclables, \u00e9largissement des trottoirs.&hellip;&nbsp;<a href=\"https:\/\/www.latourpourtous.fr\/index.php\/2020\/07\/10\/compte-rendu-du-conseil-municipal-du-10-07-2020\/\" rel=\"bookmark\"><span class=\"screen-reader-text\">COMPTE RENDU DU CONSEIL MUNICIPAL DU 10\/07\/2020<\/span><\/a><\/div><\/li>\n<li><a class=\"wp-block-latest-posts__post-title\" href=\"https:\/\/www.latourpourtous.fr\/index.php\/2020\/05\/11\/1805\/\">Le d\u00e9confinement, enfin&#8230;.<\/a><time datetime=\"2020-05-11T11:24:15+02:00\" class=\"wp-block-latest-posts__post-date\">11\/05\/2020<\/time><div class=\"wp-block-latest-posts__post-excerpt\">Il y a 2 mois, d\u00e9j\u00e0 !, ont eu lieu les \u00e9lections municipales dont le d\u00e9roulement a \u00e9t\u00e9, c&rsquo;est le moins qu&rsquo;on puisse dire, un peu particulier, troubl\u00e9 par le d\u00e9but de la pand\u00e9mie du Covid 19. L&rsquo;ambiance d&rsquo;ins\u00e9curit\u00e9 qui pr\u00e9valait soudain a g\u00e9n\u00e9r\u00e9 la plus forte abstention&hellip;&nbsp;<a href=\"https:\/\/www.latourpourtous.fr\/index.php\/2020\/05\/11\/1805\/\" rel=\"bookmark\"><span class=\"screen-reader-text\">Le d\u00e9confinement, enfin&#8230;.<\/span><\/a><\/div><\/li>\n<li><a class=\"wp-block-latest-posts__post-title\" href=\"https:\/\/www.latourpourtous.fr\/index.php\/2020\/03\/02\/un-ensemble-de-citoyens-et-une-nouvelle-ambition-pour-la-tour-daigues\/\">UN ENSEMBLE DE CITOYENS ET UNE NOUVELLE AMBITION POUR LA TOUR D\u2019AIGUES<\/a><time datetime=\"2020-03-02T17:15:22+01:00\" class=\"wp-block-latest-posts__post-date\">02\/03\/2020<\/time><div class=\"wp-block-latest-posts__post-excerpt\">Election municipale , le 15 mars \u00a0&#8211; Pour remplacer l\u2019\u00e9quipe qui g\u00e8re sans partage la commune de La Tour d\u2019Aigues depuis plus de 40 ans.\u00a0 &#8211; Parce que nous sommes choqu\u00e9s par l\u2019alliance locale de circonstance entre PS et LREM.\u00a0 &#8211; Pour garantir un d\u00e9bat participatif ouvert avec&hellip;&nbsp;<a href=\"https:\/\/www.latourpourtous.fr\/index.php\/2020\/03\/02\/un-ensemble-de-citoyens-et-une-nouvelle-ambition-pour-la-tour-daigues\/\" rel=\"bookmark\"><span class=\"screen-reader-text\">UN ENSEMBLE DE CITOYENS ET UNE NOUVELLE AMBITION POUR LA TOUR D\u2019AIGUES<\/span><\/a><\/div><\/li>\n<li><a class=\"wp-block-latest-posts__post-title\" href=\"https:\/\/www.latourpourtous.fr\/index.php\/2020\/01\/01\/bonne-annee-2020\/\">BONNE ANNEE 2020<\/a><time datetime=\"2020-01-01T16:00:53+01:00\" class=\"wp-block-latest-posts__post-date\">01\/01\/2020<\/time><div class=\"wp-block-latest-posts__post-excerpt\">Chers Amis, A l&rsquo;aube de cette nouvelle ann\u00e9e l&rsquo;heure est aux bilans et surtout aux v\u0153ux afin de nous souhaiter ce qu&rsquo;il y a de meilleur pour tous. Que retenir de l&rsquo;ann\u00e9e qui s&rsquo;ach\u00e8ve\u00a0? La chance de vivre libres dans un des plus beaux pays qui soit, des&hellip;&nbsp;<a href=\"https:\/\/www.latourpourtous.fr\/index.php\/2020\/01\/01\/bonne-annee-2020\/\" rel=\"bookmark\"><span class=\"screen-reader-text\">BONNE ANNEE 2020<\/span><\/a><\/div><\/li>\n<li><a class=\"wp-block-latest-posts__post-title\" href=\"https:\/\/www.latourpourtous.fr\/index.php\/2019\/11\/30\/lrem-a-la-remorque-du-ps-a-la-tour-daigues\/\">LREM \u00e0 la remorque du PS \u00e0 La Tour d&rsquo;Aigues ?<\/a><time datetime=\"2019-11-30T10:07:13+01:00\" class=\"wp-block-latest-posts__post-date\">30\/11\/2019<\/time><div class=\"wp-block-latest-posts__post-excerpt\">Il y a 5 ans nous avons r\u00e9tabli la d\u00e9mocratie dans notre village en mettant fin \u00e0 la liste unique et en permettant aux \u00e9lecteurs d&rsquo;avoir enfin un choix pour les \u00e9lections municipales. Nous avions de plus innov\u00e9 en ne suivant aucun des vieux partis politiques et en&hellip;&nbsp;<a href=\"https:\/\/www.latourpourtous.fr\/index.php\/2019\/11\/30\/lrem-a-la-remorque-du-ps-a-la-tour-daigues\/\" rel=\"bookmark\"><span class=\"screen-reader-text\">LREM \u00e0 la remorque du PS \u00e0 La Tour d&rsquo;Aigues ?<\/span><\/a><\/div><\/li>\n<li><a class=\"wp-block-latest-posts__post-title\" href=\"https:\/\/www.latourpourtous.fr\/index.php\/2019\/06\/28\/1478\/\">Assembl\u00e9e G\u00e9n\u00e9rale de l&rsquo; Association La Tour d&rsquo;Aigues Pour Tous 2019<\/a><time datetime=\"2019-06-28T17:57:05+02:00\" class=\"wp-block-latest-posts__post-date\">28\/06\/2019<\/time><div class=\"wp-block-latest-posts__post-excerpt\">La sixi\u00e8me Assembl\u00e9e G\u00e9n\u00e9rale de l&rsquo; association La Tour d&rsquo;Aigues Pour Tous s&rsquo;est tenue Vendredi 9 Juin 2019 au Domaine de La Castelette. Voici en guise d&rsquo;\u00e9ditorial le texte du Rapport Moral du Pr\u00e9sident Antoine MEDVEDOWSKY Chers Amis, Quoi de neuf depuis l&rsquo;ann\u00e9e derni\u00e8re dans notre village? Personne&hellip;&nbsp;<a href=\"https:\/\/www.latourpourtous.fr\/index.php\/2019\/06\/28\/1478\/\" rel=\"bookmark\"><span class=\"screen-reader-text\">Assembl\u00e9e G\u00e9n\u00e9rale de l&rsquo; Association La Tour d&rsquo;Aigues Pour Tous 2019<\/span><\/a><\/div><\/li>\n<li><a class=\"wp-block-latest-posts__post-title\" href=\"https:\/\/www.latourpourtous.fr\/index.php\/2019\/04\/03\/le-prefet-donne-une-suite-favorable-aux-reserves-de-la-tour-pour-tous-sur-le-plu\/\">Le pr\u00e9fet donne une suite favorable aux r\u00e9serves de La Tour pour Tous sur le PLU<\/a><time datetime=\"2019-04-03T11:22:37+02:00\" class=\"wp-block-latest-posts__post-date\">03\/04\/2019<\/time><div class=\"wp-block-latest-posts__post-excerpt\">L&rsquo;association La Tour d&rsquo;Aigues pour tous avait \u00e9mis de fortes r\u00e9serves lors du vote du PLU par le conseil municipal du 12\/10\/2018, et saisie Monsieur le Pr\u00e9fet aux motifs que ce PLU ne respecte pas les articles L151-4 et L101-2 du code de l&rsquo;urbanisme, et que la municipalit\u00e9&hellip;&nbsp;<a href=\"https:\/\/www.latourpourtous.fr\/index.php\/2019\/04\/03\/le-prefet-donne-une-suite-favorable-aux-reserves-de-la-tour-pour-tous-sur-le-plu\/\" rel=\"bookmark\"><span class=\"screen-reader-text\">Le pr\u00e9fet donne une suite favorable aux r\u00e9serves de La Tour pour Tous sur le PLU<\/span><\/a><\/div><\/li>\n<li><a class=\"wp-block-latest-posts__post-title\" href=\"https:\/\/www.latourpourtous.fr\/index.php\/2019\/03\/25\/edito-mars-2019-le-grand-debat\/\">Edito Mars 2019 : Le Grand D\u00e9bat.<\/a><time datetime=\"2019-03-25T13:51:10+01:00\" class=\"wp-block-latest-posts__post-date\">25\/03\/2019<\/time><div class=\"wp-block-latest-posts__post-excerpt\">Chers Amis, C&rsquo;en est donc termin\u00e9 pour le Grand D\u00e9bat, la premi\u00e8re phase s&rsquo;entend, celle des propositions, car celle des r\u00e9sultats et de ce qui en r\u00e9sultera reste \u00e0 \u00e9crire. Notre association La Tour Pour Tous \u00e0 pris sa part \u00e0 diff\u00e9rentes r\u00e9unions, individuellement pour ses adh\u00e9rents, et&hellip;&nbsp;<a href=\"https:\/\/www.latourpourtous.fr\/index.php\/2019\/03\/25\/edito-mars-2019-le-grand-debat\/\" rel=\"bookmark\"><span class=\"screen-reader-text\">Edito Mars 2019 : Le Grand D\u00e9bat.<\/span><\/a><\/div><\/li>\n<li><div class=\"wp-block-latest-posts__featured-image alignleft\"><a href=\"https:\/\/www.latourpourtous.fr\/index.php\/2019\/01\/13\/bonne-annee-2019\/\" aria-label=\"Bonne ann\u00e9e 2019 !\"><\/a><\/div><a class=\"wp-block-latest-posts__post-title\" href=\"https:\/\/www.latourpourtous.fr\/index.php\/2019\/01\/13\/bonne-annee-2019\/\">Bonne ann\u00e9e 2019 !<\/a><time datetime=\"2019-01-13T15:17:03+01:00\" class=\"wp-block-latest-posts__post-date\">13\/01\/2019<\/time><div class=\"wp-block-latest-posts__post-excerpt\">\n\t\t\t\tChers Amis,\n\nAu premier jour de cette nouvelle ann\u00e9e, que nous souhaiter?\n\n2018 s&rsquo;est achev\u00e9e dans la douleur d&rsquo;un mouvement regroupant un grand nombre de ceux qui, parmi nous, \u00e9prouvent de r\u00e9elles difficult\u00e9s \u00e0 joindre les deux bouts, mais aussi un petit nombre d&rsquo;extr\u00e9mistes instrumentalisant cette col\u00e8re pour faire passer des id\u00e9es haineuses, sans rapport avec la pr\u00e9carit\u00e9 sociale ou le pouvoir d&rsquo;achat.\n\nSouhaitons pour 2019 que nos gouvernants trouvent les bonnes r\u00e9ponses, que les violents et les vandales soient renvoy\u00e9s, et que la concorde nationale revienne.\t\t<\/div><\/li>\n<li><div class=\"wp-block-latest-posts__featured-image alignleft\"><a href=\"https:\/\/www.latourpourtous.fr\/index.php\/2019\/01\/06\/vous-avez-dit-village-propre\/\" aria-label=\"Vous avez dit village propre\u00a0?\"><\/a><\/div><a class=\"wp-block-latest-posts__post-title\" href=\"https:\/\/www.latourpourtous.fr\/index.php\/2019\/01\/06\/vous-avez-dit-village-propre\/\">Vous avez dit village propre\u00a0?<\/a><time datetime=\"2019-01-06T18:28:54+01:00\" class=\"wp-block-latest-posts__post-date\">06\/01\/2019<\/time><div class=\"wp-block-latest-posts__post-excerpt\">&nbsp; Ces photos ont \u00e9t\u00e9 prises deux jours de semaine ordinaires, en journ\u00e9e. Elles illustrent la qualit\u00e9 (!) du service qui nous est factur\u00e9 par plus de 11% d&rsquo;augmentation de taxe cette ann\u00e9e. C&rsquo;est ce que les passants, habitants du village et visiteurs, peuvent admirer r\u00e9guli\u00e8rement&#8230; Et que&hellip;&nbsp;<a href=\"https:\/\/www.latourpourtous.fr\/index.php\/2019\/01\/06\/vous-avez-dit-village-propre\/\" rel=\"bookmark\"><span class=\"screen-reader-text\">Vous avez dit village propre\u00a0?<\/span><\/a><\/div><\/li>\n<li><div class=\"wp-block-latest-posts__featured-image alignleft\"><a href=\"https:\/\/www.latourpourtous.fr\/index.php\/2018\/09\/23\/consultation-publique-sur-le-plu\/\" aria-label=\"Nos commentaires officiels sur le projet de PLU\"><img loading=\"lazy\" decoding=\"async\" width=\"150\" height=\"150\" src=\"https:\/\/www.latourpourtous.fr\/wp-content\/uploads\/2018\/09\/carte-PLU-150x150.jpg\" class=\"attachment-thumbnail size-thumbnail wp-post-image\" alt=\"\" style=\"max-width:113px;max-height:113px;\" \/><\/a><\/div><a class=\"wp-block-latest-posts__post-title\" href=\"https:\/\/www.latourpourtous.fr\/index.php\/2018\/09\/23\/consultation-publique-sur-le-plu\/\">Nos commentaires officiels sur le projet de PLU<\/a><time datetime=\"2018-09-23T10:37:19+02:00\" class=\"wp-block-latest-posts__post-date\">23\/09\/2018<\/time><div class=\"wp-block-latest-posts__post-excerpt\">Le processus d&rsquo;approbation d&rsquo;un PLU pr\u00e9voit une consultation publique des habitants de la commune, au cours de laquelle ceux-ci peuvent faire leurs remarques. L&rsquo;association en a profit\u00e9 pour faire les siennes.<\/div><\/li>\n<li><div class=\"wp-block-latest-posts__featured-image alignleft\"><a href=\"https:\/\/www.latourpourtous.fr\/index.php\/2018\/06\/15\/assemblee-generale-1er-juin\/\" aria-label=\"Assembl\u00e9e g\u00e9n\u00e9rale du 1er juin 2018\"><img loading=\"lazy\" decoding=\"async\" width=\"150\" height=\"150\" src=\"https:\/\/www.latourpourtous.fr\/wp-content\/uploads\/2018\/08\/castelette-150x150.jpg\" class=\"attachment-thumbnail size-thumbnail wp-post-image\" alt=\"\" style=\"max-width:113px;max-height:113px;\" \/><\/a><\/div><a class=\"wp-block-latest-posts__post-title\" href=\"https:\/\/www.latourpourtous.fr\/index.php\/2018\/06\/15\/assemblee-generale-1er-juin\/\">Assembl\u00e9e g\u00e9n\u00e9rale du 1er juin 2018<\/a><time datetime=\"2018-06-15T15:30:41+02:00\" class=\"wp-block-latest-posts__post-date\">15\/06\/2018<\/time><div class=\"wp-block-latest-posts__post-excerpt\">Vendredi 1er Juin a eu lieu au domaine de La Castelette la 5\u00e8me Assembl\u00e9e G\u00e9n\u00e9rale de La Tour d&rsquo;Aigues Pour Tous. Cinq ans, d\u00e9j\u00e0! Une cinquantaine d&rsquo;adh\u00e9rents \u00e9taient r\u00e9unis. Cela peu para\u00eetre peu mais les partis politiques aimeraient certainement bien avoir une centaine d&rsquo;adh\u00e9rents et pouvoir en r\u00e9unir&hellip;&nbsp;<a href=\"https:\/\/www.latourpourtous.fr\/index.php\/2018\/06\/15\/assemblee-generale-1er-juin\/\" rel=\"bookmark\"><span class=\"screen-reader-text\">Assembl\u00e9e g\u00e9n\u00e9rale du 1er juin 2018<\/span><\/a><\/div><\/li>\n<li><div class=\"wp-block-latest-posts__featured-image alignleft\"><a href=\"https:\/\/www.latourpourtous.fr\/index.php\/2018\/01\/15\/bonne-annee-2018\/\" aria-label=\"Bonne Ann\u00e9e 2018\"><img loading=\"lazy\" decoding=\"async\" width=\"150\" height=\"150\" src=\"https:\/\/www.latourpourtous.fr\/wp-content\/uploads\/2018\/08\/Bonne-ann\u00e9e-2018-150x150.jpg\" class=\"attachment-thumbnail size-thumbnail wp-post-image\" alt=\"\" style=\"max-width:113px;max-height:113px;\" \/><\/a><\/div><a class=\"wp-block-latest-posts__post-title\" href=\"https:\/\/www.latourpourtous.fr\/index.php\/2018\/01\/15\/bonne-annee-2018\/\">Bonne Ann\u00e9e 2018<\/a><time datetime=\"2018-01-15T15:28:53+01:00\" class=\"wp-block-latest-posts__post-date\">15\/01\/2018<\/time><div class=\"wp-block-latest-posts__post-excerpt\">Quelle ann\u00e9e 2017 mes amis ! Et qu&rsquo;en retiendrons-nous au profit de la nouvelle?<\/div><\/li>\n<li><div class=\"wp-block-latest-posts__featured-image alignleft\"><a href=\"https:\/\/www.latourpourtous.fr\/index.php\/2017\/09\/08\/un-plu-elabore-sans-les-tourains\/\" aria-label=\"Un PLU \u00e9labor\u00e9 sans les tourains ?\"><img loading=\"lazy\" decoding=\"async\" width=\"150\" height=\"150\" src=\"https:\/\/www.latourpourtous.fr\/wp-content\/uploads\/2018\/09\/carte-PLU-150x150.jpg\" class=\"attachment-thumbnail size-thumbnail wp-post-image\" alt=\"\" style=\"max-width:113px;max-height:113px;\" \/><\/a><\/div><a class=\"wp-block-latest-posts__post-title\" href=\"https:\/\/www.latourpourtous.fr\/index.php\/2017\/09\/08\/un-plu-elabore-sans-les-tourains\/\">Un PLU \u00e9labor\u00e9 sans les tourains ?<\/a><time datetime=\"2017-09-08T18:18:02+02:00\" class=\"wp-block-latest-posts__post-date\">08\/09\/2017<\/time><div class=\"wp-block-latest-posts__post-excerpt\">Mardi 4 Juillet avait lieu \u00e0 la salle polyvalente la pr\u00e9sentation du projet de futur PLU et notamment de la r\u00e9vision du zonage sur lequel il sera bas\u00e9.\nLe moins que l&rsquo;on puisse dire c&rsquo;est qu&rsquo;un certain \u00e9tonnement a pr\u00e9valu chez la cinquantaine de personnes pr\u00e9sentes devant la pr\u00e9sentation faite et les mesures phare envisag\u00e9es. Nous en avons retenu trois: la d\u00e9viation par le vallon de l&rsquo;Ourgouse, le parking de covoiturage et le parc accrobranches.<\/div><\/li>\n<li><div class=\"wp-block-latest-posts__featured-image alignleft\"><a href=\"https:\/\/www.latourpourtous.fr\/index.php\/2017\/09\/08\/edito-septembre-2017\/\" aria-label=\"Edito\"><img loading=\"lazy\" decoding=\"async\" width=\"150\" height=\"150\" src=\"https:\/\/www.latourpourtous.fr\/wp-content\/uploads\/2015\/02\/Panorama_chateau-150x150.jpg\" class=\"attachment-thumbnail size-thumbnail wp-post-image\" alt=\"\" style=\"max-width:113px;max-height:113px;\" \/><\/a><\/div><a class=\"wp-block-latest-posts__post-title\" href=\"https:\/\/www.latourpourtous.fr\/index.php\/2017\/09\/08\/edito-septembre-2017\/\">Edito<\/a><time datetime=\"2017-09-08T17:35:20+02:00\" class=\"wp-block-latest-posts__post-date\">08\/09\/2017<\/time><div class=\"wp-block-latest-posts__post-excerpt\">Chers Amis\nAu mois de Juin s&rsquo;est tenue l&rsquo;assembl\u00e9e g\u00e9n\u00e9rale annuelle de l&rsquo;association La Tour Pour Tous toujours vaillante. Les actions men\u00e9es pendant cette ann\u00e9e ne sont que le prolongement de la mission que notre association s&rsquo;est donn\u00e9e \u00e0 son origine: rendre incontournable la d\u00e9mocratie citoyenne qui fait d\u00e9faut dans notre commune, et proposer un mode de gouvernance ouvert et participatif.<\/div><\/li>\n<li><div class=\"wp-block-latest-posts__featured-image alignleft\"><a href=\"https:\/\/www.latourpourtous.fr\/index.php\/2017\/07\/08\/plan-local-durbanisme\/\" aria-label=\"Courrier \u00e0 la mairie sur son PADD\"><img loading=\"lazy\" decoding=\"async\" width=\"150\" height=\"150\" src=\"https:\/\/www.latourpourtous.fr\/wp-content\/uploads\/2018\/09\/PADD-150x150.jpg\" class=\"attachment-thumbnail size-thumbnail wp-post-image\" alt=\"\" style=\"max-width:113px;max-height:113px;\" \/><\/a><\/div><a class=\"wp-block-latest-posts__post-title\" href=\"https:\/\/www.latourpourtous.fr\/index.php\/2017\/07\/08\/plan-local-durbanisme\/\">Courrier \u00e0 la mairie sur son PADD<\/a><time datetime=\"2017-07-08T15:47:17+02:00\" class=\"wp-block-latest-posts__post-date\">08\/07\/2017<\/time><div class=\"wp-block-latest-posts__post-excerpt\">Dans le cadre de la\u00a0consultation pr\u00e9alable au Projet d&rsquo;Am\u00e9nagement et de D\u00e9veloppement Durables (PADD), pr\u00e9parant le futur\u00a0Plan Local d&rsquo;Urbanisme (PLU), l&rsquo;association\u00a0La Tour d&rsquo;Aigues Pour Tous\u00a0a adress\u00e9 un courrier \u00e0 la mairie de notre commune avec nos commentaires et nos interrogations.<\/div><\/li>\n<li><div class=\"wp-block-latest-posts__featured-image alignleft\"><a href=\"https:\/\/www.latourpourtous.fr\/index.php\/2017\/03\/31\/654-2\/\" aria-label=\"Bilan de mi-mandat\"><img loading=\"lazy\" decoding=\"async\" width=\"150\" height=\"150\" src=\"https:\/\/www.latourpourtous.fr\/wp-content\/uploads\/2014\/09\/Antoine_Medvedowsky_septembre_2014-150x150.jpg\" class=\"attachment-thumbnail size-thumbnail wp-post-image\" alt=\"\" style=\"max-width:113px;max-height:113px;\" \/><\/a><\/div><a class=\"wp-block-latest-posts__post-title\" href=\"https:\/\/www.latourpourtous.fr\/index.php\/2017\/03\/31\/654-2\/\">Bilan de mi-mandat<\/a><time datetime=\"2017-03-31T19:39:46+02:00\" class=\"wp-block-latest-posts__post-date\">31\/03\/2017<\/time><div class=\"wp-block-latest-posts__post-excerpt\">Nous sommes \u00e0 mi-mandat municipal et c&rsquo;est le temps l\u00e9gitime d&rsquo;un premier bilan. Si l&rsquo;on reprend le programme du candidat, seulement 4 actions ont \u00e9t\u00e9 men\u00e9es \u00e0 leur terme en 3 ans. Car les r\u00e9alisations annonc\u00e9es ici ou l\u00e0 m\u00e9langent en effet souvent ce qui avait d\u00e9j\u00e0 \u00e9t\u00e9 inaugur\u00e9 auparavant et les r\u00e9alisations \u00e0 venir, qui n&rsquo;ont pas encore d\u00e9but\u00e9 mais qui seront comptabilis\u00e9es \u00e0 plusieurs reprises, comme toujours!\n<\/div><\/li>\n<li><a class=\"wp-block-latest-posts__post-title\" href=\"https:\/\/www.latourpourtous.fr\/index.php\/2017\/03\/21\/nos-propositions-pour-le-chateau-nont-pas-change\/\">Nos propositions pour le ch\u00e2teau n&rsquo;ont pas chang\u00e9<\/a><time datetime=\"2017-03-21T23:37:33+01:00\" class=\"wp-block-latest-posts__post-date\">21\/03\/2017<\/time><div class=\"wp-block-latest-posts__post-excerpt\">Lors du dernier conseil municipal, notre Maire a fait un certain nombre d&rsquo;annonces: sous sommes tr\u00e8s contents de voir nos propositions, faites il y a plus de 3 ans, enfin retenues !<\/div><\/li>\n<\/ul>\n\n\n<p><\/p>\n","protected":false},"excerpt":{"rendered":"<p>D\u00e9couvrez tous nos articles, ou affinez par th\u00e8mes<\/p>\n","protected":false},"author":1,"featured_media":1866,"parent":0,"menu_order":0,"comment_status":"closed","ping_status":"closed","template":"","meta":{"neve_meta_sidebar":"right","neve_meta_container":"default","neve_meta_enable_content_width":"","neve_meta_content_width":70,"neve_meta_title_alignment":"center","neve_meta_author_avatar":"","neve_post_elements_order":"","neve_meta_disable_header":"off","neve_meta_disable_footer":"","neve_meta_disable_title":"","footnotes":""},"class_list":["post-2126","page","type-page","status-publish","has-post-thumbnail","hentry"],"_links":{"self":[{"href":"https:\/\/www.latourpourtous.fr\/index.php\/wp-json\/wp\/v2\/pages\/2126","targetHints":{"allow":["GET"]}}],"collection":[{"href":"https:\/\/www.latourpourtous.fr\/index.php\/wp-json\/wp\/v2\/pages"}],"about":[{"href":"https:\/\/www.latourpourtous.fr\/index.php\/wp-json\/wp\/v2\/types\/page"}],"author":[{"embeddable":true,"href":"https:\/\/www.latourpourtous.fr\/index.php\/wp-json\/wp\/v2\/users\/1"}],"replies":[{"embeddable":true,"href":"https:\/\/www.latourpourtous.fr\/index.php\/wp-json\/wp\/v2\/comments?post=2126"}],"version-history":[{"count":24,"href":"https:\/\/www.latourpourtous.fr\/index.php\/wp-json\/wp\/v2\/pages\/2126\/revisions"}],"predecessor-version":[{"id":2316,"href":"https:\/\/www.latourpourtous.fr\/index.php\/wp-json\/wp\/v2\/pages\/2126\/revisions\/2316"}],"wp:featuredmedia":[{"embeddable":true,"href":"https:\/\/www.latourpourtous.fr\/index.php\/wp-json\/wp\/v2\/media\/1866"}],"wp:attachment":[{"href":"https:\/\/www.latourpourtous.fr\/index.php\/wp-json\/wp\/v2\/media?parent=2126"}],"curies":[{"name":"wp","href":"https:\/\/api.w.org\/{rel}","templated":true}]}}